{"id":102576,"date":"2026-04-27T04:25:59","date_gmt":"2026-04-27T02:25:59","guid":{"rendered":"https:\/\/ricondizionatipro.it\/shop\/prodotto\/laptop-acer-iconia-x12-mt8781-ram-8-gb-126-wqxga\/"},"modified":"2026-04-27T04:26:00","modified_gmt":"2026-04-27T02:26:00","slug":"acer-iconia-x12-mt8781","status":"publish","type":"product","link":"https:\/\/ricondizionatipro.it\/shop\/prodotto\/acer-iconia-x12-mt8781\/","title":{"rendered":"Acer Iconia X12 MT8781"},"content":{"rendered":"<p>L&#039;Acer Iconia X12 \u00e8 un dispositivo versatile e potente che offre prestazioni eccellenti per chi cerca un&#039;esperienza di utilizzo fluida e reattiva. Lo schermo da 12,6 pollici con risoluzione WQXGA fornisce una qualit\u00e0 visiva straordinaria, ideale per qualsiasi attivit\u00e0 multimediale e di lavoro.<\/p>\n<p>&lt;H2&gt;Principali vantaggi&lt;\/H2&gt;<br \/>\n&lt;ul&gt;<br \/>\n    &lt;li&gt;Design compatto ed elegante con finiture ultra-lucide&lt;\/li&gt;<br \/>\n    &lt;li&gt;Display touch per un&#039;interazione intuitiva e coinvolgente&lt;\/li&gt;<br \/>\n    &lt;li&gt;Connessione USB-C e bluetooth per la massima connettivit\u00e0&lt;\/li&gt;<br \/>\n    &lt;li&gt;Ampio spazio di archiviazione disponibile&lt;\/li&gt;<br \/>\n&lt;\/ul&gt;<\/p>\n<p>&lt;H2&gt;Chi acquista questo prodotto&lt;\/H2&gt;<br \/>\nQuesto dispositivo \u00e8 perfetto per professionisti e studenti che necessitano di uno strumento affidabile per le loro attivit\u00e0 quotidiane. \u00c8 anche ideale per famiglie in cerca di un dispositivo versatile per l&#039;intrattenimento e l&#039;informazione.<\/p>\n<p>&lt;H2&gt;Possibilit\u00e0 di aggiornamento&lt;\/H2&gt;<br \/>\nIl dispositivo offre possibilit\u00e0 di aggiornamento di memoria e spazio di archiviazione. &lt;b&gt;Consultate sempre un esperto prima di eseguire l&#039;aggiornamento&lt;\/b&gt;.<\/p>\n<p>&lt;H2&gt;Perch\u00e9 scegliere un dispositivo ricondizionato&lt;\/H2&gt;<br \/>\nOptare per un dispositivo ricondizionato significa scegliere un&#039;alternativa sostenibile e conveniente, garantendo al contempo prestazioni elevate. Ogni dispositivo \u00e8 sottoposto a un processo di ricondizionamento professionale e viene valutato secondo un sistema standardizzato di qualit\u00e0, assicurando che si presenti come nuovo. Scegliere un prodotto ricondizionato \u00e8 un modo intelligente per ottenere grande valore senza compromessi.&lt;h2&gt;Scatola aperta&lt;\/h2&gt;&#13;<br \/>\n&lt;p&gt;Quasi nessun segno di usura. Qualit\u00e0 uguale ai nuovi. Nella maggior parte dei casi si tratta di eccedenze di produzione e scorte invendute, in cui le differenze rispetto ai dispositivi nuovi non sono percepibili.&lt;\/p&gt;&#13;<\/p>\n","protected":false},"excerpt":{"rendered":"<p>MediaTek MT8183 \/ 2,0 GHz \/ Octa-Core, 8 GB Onboard, 256 GB Onboard, 32 cm (12,6&#8243;), Sijajni (BrightView, gloss), Touch, WQXGA \/ 2560 x 1600, MediaTek Intergrated, USB-C, bluetooth, Android 14<\/p>\n","protected":false},"featured_media":102782,"template":"","meta":{"inline_featured_image":false},"product_brand":[],"product_cat":[831,5882,5876,2908],"product_tag":[],"class_list":{"0":"post-102576","1":"product","2":"type-product","3":"status-publish","4":"has-post-thumbnail","6":"product_cat-laptop","7":"product_cat-laptop-ultrabook","8":"product_cat-notebook-per-uso-domestico","9":"product_cat-tablet-e-smartphone","11":"first","12":"instock","13":"purchasable","14":"product-type-simple"},"yoast_head":"<!-- This site is optimized with the Yoast SEO plugin v27.2 - https:\/\/yoast.com\/product\/yoast-seo-wordpress\/ -->\n<title>Acer Iconia X12 MT8781 - ricondizionatipro.it<\/title>\n<meta name=\"robots\" content=\"index, follow, max-snippet:-1, max-image-preview:large, max-video-preview:-1\" \/>\n<link rel=\"canonical\" href=\"https:\/\/ricondizionatipro.it\/shop\/prodotto\/acer-iconia-x12-mt8781\/\" \/>\n<meta property=\"og:locale\" content=\"it_IT\" \/>\n<meta property=\"og:type\" content=\"article\" \/>\n<meta property=\"og:title\" content=\"Acer Iconia X12 MT8781 - ricondizionatipro.it\" \/>\n<meta property=\"og:description\" content=\"MediaTek MT8183 \/ 2,0 GHz \/ Octa-Core, 8 GB Onboard, 256 GB Onboard, 32 cm (12,6&quot;), Sijajni (BrightView, gloss), Touch, WQXGA \/ 2560 x 1600, MediaTek Intergrated, USB-C, bluetooth, Android 14\" \/>\n<meta property=\"og:url\" content=\"https:\/\/ricondizionatipro.it\/shop\/prodotto\/acer-iconia-x12-mt8781\/\" \/>\n<meta property=\"og:site_name\" content=\"ricondizionatipro.it\" \/>\n<meta property=\"article:publisher\" content=\"https:\/\/www.facebook.com\/ricondizionatipro.it\/\" \/>\n<meta property=\"article:modified_time\" content=\"2026-04-27T02:26:00+00:00\" \/>\n<meta property=\"og:image\" content=\"https:\/\/ricondizionatipro.it\/shop\/wp-content\/uploads\/2026\/04\/bd423f9c4d212ef3b77d543ba4dc28b3.webp\" \/>\n\t<meta property=\"og:image:width\" content=\"1897\" \/>\n\t<meta property=\"og:image:height\" content=\"1200\" \/>\n\t<meta property=\"og:image:type\" content=\"image\/webp\" \/>\n<meta name=\"twitter:card\" content=\"summary_large_image\" \/>\n<meta name=\"twitter:label1\" content=\"Tempo di lettura stimato\" \/>\n\t<meta name=\"twitter:data1\" content=\"2 minuti\" \/>\n<script type=\"application\/ld+json\" class=\"yoast-schema-graph\">{\"@context\":\"https:\/\/schema.org\",\"@graph\":[{\"@type\":\"WebPage\",\"@id\":\"https:\/\/ricondizionatipro.it\/shop\/prodotto\/acer-iconia-x12-mt8781\/\",\"url\":\"https:\/\/ricondizionatipro.it\/shop\/prodotto\/acer-iconia-x12-mt8781\/\",\"name\":\"Acer Iconia X12 MT8781 - ricondizionatipro.it\",\"isPartOf\":{\"@id\":\"https:\/\/ricondizionatipro.it\/shop\/#website\"},\"primaryImageOfPage\":{\"@id\":\"https:\/\/ricondizionatipro.it\/shop\/prodotto\/acer-iconia-x12-mt8781\/#primaryimage\"},\"image\":{\"@id\":\"https:\/\/ricondizionatipro.it\/shop\/prodotto\/acer-iconia-x12-mt8781\/#primaryimage\"},\"thumbnailUrl\":\"https:\/\/ricondizionatipro.it\/shop\/wp-content\/uploads\/2026\/04\/bd423f9c4d212ef3b77d543ba4dc28b3.webp\",\"datePublished\":\"2026-04-27T02:25:59+00:00\",\"dateModified\":\"2026-04-27T02:26:00+00:00\",\"breadcrumb\":{\"@id\":\"https:\/\/ricondizionatipro.it\/shop\/prodotto\/acer-iconia-x12-mt8781\/#breadcrumb\"},\"inLanguage\":\"it-IT\",\"potentialAction\":[{\"@type\":\"ReadAction\",\"target\":[\"https:\/\/ricondizionatipro.it\/shop\/prodotto\/acer-iconia-x12-mt8781\/\"]}]},{\"@type\":\"ImageObject\",\"inLanguage\":\"it-IT\",\"@id\":\"https:\/\/ricondizionatipro.it\/shop\/prodotto\/acer-iconia-x12-mt8781\/#primaryimage\",\"url\":\"https:\/\/ricondizionatipro.it\/shop\/wp-content\/uploads\/2026\/04\/bd423f9c4d212ef3b77d543ba4dc28b3.webp\",\"contentUrl\":\"https:\/\/ricondizionatipro.it\/shop\/wp-content\/uploads\/2026\/04\/bd423f9c4d212ef3b77d543ba4dc28b3.webp\",\"width\":1897,\"height\":1200},{\"@type\":\"BreadcrumbList\",\"@id\":\"https:\/\/ricondizionatipro.it\/shop\/prodotto\/acer-iconia-x12-mt8781\/#breadcrumb\",\"itemListElement\":[{\"@type\":\"ListItem\",\"position\":1,\"name\":\"Home\",\"item\":\"https:\/\/ricondizionatipro.it\/shop\/\"},{\"@type\":\"ListItem\",\"position\":2,\"name\":\"Acer Iconia X12 MT8781\"}]},{\"@type\":\"WebSite\",\"@id\":\"https:\/\/ricondizionatipro.it\/shop\/#website\",\"url\":\"https:\/\/ricondizionatipro.it\/shop\/\",\"name\":\"ricondizionatipro.it\",\"description\":\"computer professionali ricondizionati garantiti\",\"publisher\":{\"@id\":\"https:\/\/ricondizionatipro.it\/shop\/#organization\"},\"potentialAction\":[{\"@type\":\"SearchAction\",\"target\":{\"@type\":\"EntryPoint\",\"urlTemplate\":\"https:\/\/ricondizionatipro.it\/shop\/?s={search_term_string}\"},\"query-input\":{\"@type\":\"PropertyValueSpecification\",\"valueRequired\":true,\"valueName\":\"search_term_string\"}}],\"inLanguage\":\"it-IT\"},{\"@type\":\"Organization\",\"@id\":\"https:\/\/ricondizionatipro.it\/shop\/#organization\",\"name\":\"ricondizionatipro.it\",\"url\":\"https:\/\/ricondizionatipro.it\/shop\/\",\"logo\":{\"@type\":\"ImageObject\",\"inLanguage\":\"it-IT\",\"@id\":\"https:\/\/ricondizionatipro.it\/shop\/#\/schema\/logo\/image\/\",\"url\":\"https:\/\/i0.wp.com\/ricondizionatipro.it\/shop\/wp-content\/uploads\/2022\/04\/ricondizionati-pro-logo-trasparente.png?fit=2309%2C1910&ssl=1\",\"contentUrl\":\"https:\/\/i0.wp.com\/ricondizionatipro.it\/shop\/wp-content\/uploads\/2022\/04\/ricondizionati-pro-logo-trasparente.png?fit=2309%2C1910&ssl=1\",\"width\":2309,\"height\":1910,\"caption\":\"ricondizionatipro.it\"},\"image\":{\"@id\":\"https:\/\/ricondizionatipro.it\/shop\/#\/schema\/logo\/image\/\"},\"sameAs\":[\"https:\/\/www.facebook.com\/ricondizionatipro.it\/\",\"https:\/\/www.instagram.com\/ricondizionatipro.it\/\"]}]}<\/script>\n<!-- \/ Yoast SEO plugin. -->","yoast_head_json":{"title":"Acer Iconia X12 MT8781 - ricondizionatipro.it","robots":{"index":"index","follow":"follow","max-snippet":"max-snippet:-1","max-image-preview":"max-image-preview:large","max-video-preview":"max-video-preview:-1"},"canonical":"https:\/\/ricondizionatipro.it\/shop\/prodotto\/acer-iconia-x12-mt8781\/","og_locale":"it_IT","og_type":"article","og_title":"Acer Iconia X12 MT8781 - ricondizionatipro.it","og_description":"MediaTek MT8183 \/ 2,0 GHz \/ Octa-Core, 8 GB Onboard, 256 GB Onboard, 32 cm (12,6\"), Sijajni (BrightView, gloss), Touch, WQXGA \/ 2560 x 1600, MediaTek Intergrated, USB-C, bluetooth, Android 14","og_url":"https:\/\/ricondizionatipro.it\/shop\/prodotto\/acer-iconia-x12-mt8781\/","og_site_name":"ricondizionatipro.it","article_publisher":"https:\/\/www.facebook.com\/ricondizionatipro.it\/","article_modified_time":"2026-04-27T02:26:00+00:00","og_image":[{"width":1897,"height":1200,"url":"https:\/\/ricondizionatipro.it\/shop\/wp-content\/uploads\/2026\/04\/bd423f9c4d212ef3b77d543ba4dc28b3.webp","type":"image\/webp"}],"twitter_card":"summary_large_image","twitter_misc":{"Tempo di lettura stimato":"2 minuti"},"schema":{"@context":"https:\/\/schema.org","@graph":[{"@type":"WebPage","@id":"https:\/\/ricondizionatipro.it\/shop\/prodotto\/acer-iconia-x12-mt8781\/","url":"https:\/\/ricondizionatipro.it\/shop\/prodotto\/acer-iconia-x12-mt8781\/","name":"Acer Iconia X12 MT8781 - ricondizionatipro.it","isPartOf":{"@id":"https:\/\/ricondizionatipro.it\/shop\/#website"},"primaryImageOfPage":{"@id":"https:\/\/ricondizionatipro.it\/shop\/prodotto\/acer-iconia-x12-mt8781\/#primaryimage"},"image":{"@id":"https:\/\/ricondizionatipro.it\/shop\/prodotto\/acer-iconia-x12-mt8781\/#primaryimage"},"thumbnailUrl":"https:\/\/ricondizionatipro.it\/shop\/wp-content\/uploads\/2026\/04\/bd423f9c4d212ef3b77d543ba4dc28b3.webp","datePublished":"2026-04-27T02:25:59+00:00","dateModified":"2026-04-27T02:26:00+00:00","breadcrumb":{"@id":"https:\/\/ricondizionatipro.it\/shop\/prodotto\/acer-iconia-x12-mt8781\/#breadcrumb"},"inLanguage":"it-IT","potentialAction":[{"@type":"ReadAction","target":["https:\/\/ricondizionatipro.it\/shop\/prodotto\/acer-iconia-x12-mt8781\/"]}]},{"@type":"ImageObject","inLanguage":"it-IT","@id":"https:\/\/ricondizionatipro.it\/shop\/prodotto\/acer-iconia-x12-mt8781\/#primaryimage","url":"https:\/\/ricondizionatipro.it\/shop\/wp-content\/uploads\/2026\/04\/bd423f9c4d212ef3b77d543ba4dc28b3.webp","contentUrl":"https:\/\/ricondizionatipro.it\/shop\/wp-content\/uploads\/2026\/04\/bd423f9c4d212ef3b77d543ba4dc28b3.webp","width":1897,"height":1200},{"@type":"BreadcrumbList","@id":"https:\/\/ricondizionatipro.it\/shop\/prodotto\/acer-iconia-x12-mt8781\/#breadcrumb","itemListElement":[{"@type":"ListItem","position":1,"name":"Home","item":"https:\/\/ricondizionatipro.it\/shop\/"},{"@type":"ListItem","position":2,"name":"Acer Iconia X12 MT8781"}]},{"@type":"WebSite","@id":"https:\/\/ricondizionatipro.it\/shop\/#website","url":"https:\/\/ricondizionatipro.it\/shop\/","name":"ricondizionatipro.it","description":"computer professionali ricondizionati garantiti","publisher":{"@id":"https:\/\/ricondizionatipro.it\/shop\/#organization"},"potentialAction":[{"@type":"SearchAction","target":{"@type":"EntryPoint","urlTemplate":"https:\/\/ricondizionatipro.it\/shop\/?s={search_term_string}"},"query-input":{"@type":"PropertyValueSpecification","valueRequired":true,"valueName":"search_term_string"}}],"inLanguage":"it-IT"},{"@type":"Organization","@id":"https:\/\/ricondizionatipro.it\/shop\/#organization","name":"ricondizionatipro.it","url":"https:\/\/ricondizionatipro.it\/shop\/","logo":{"@type":"ImageObject","inLanguage":"it-IT","@id":"https:\/\/ricondizionatipro.it\/shop\/#\/schema\/logo\/image\/","url":"https:\/\/i0.wp.com\/ricondizionatipro.it\/shop\/wp-content\/uploads\/2022\/04\/ricondizionati-pro-logo-trasparente.png?fit=2309%2C1910&ssl=1","contentUrl":"https:\/\/i0.wp.com\/ricondizionatipro.it\/shop\/wp-content\/uploads\/2022\/04\/ricondizionati-pro-logo-trasparente.png?fit=2309%2C1910&ssl=1","width":2309,"height":1910,"caption":"ricondizionatipro.it"},"image":{"@id":"https:\/\/ricondizionatipro.it\/shop\/#\/schema\/logo\/image\/"},"sameAs":["https:\/\/www.facebook.com\/ricondizionatipro.it\/","https:\/\/www.instagram.com\/ricondizionatipro.it\/"]}]}},"acf":[],"_links":{"self":[{"href":"https:\/\/ricondizionatipro.it\/shop\/wp-json\/wp\/v2\/product\/102576","targetHints":{"allow":["GET"]}}],"collection":[{"href":"https:\/\/ricondizionatipro.it\/shop\/wp-json\/wp\/v2\/product"}],"about":[{"href":"https:\/\/ricondizionatipro.it\/shop\/wp-json\/wp\/v2\/types\/product"}],"wp:featuredmedia":[{"embeddable":true,"href":"https:\/\/ricondizionatipro.it\/shop\/wp-json\/wp\/v2\/media\/102782"}],"wp:attachment":[{"href":"https:\/\/ricondizionatipro.it\/shop\/wp-json\/wp\/v2\/media?parent=102576"}],"wp:term":[{"taxonomy":"product_brand","embeddable":true,"href":"https:\/\/ricondizionatipro.it\/shop\/wp-json\/wp\/v2\/product_brand?post=102576"},{"taxonomy":"product_cat","embeddable":true,"href":"https:\/\/ricondizionatipro.it\/shop\/wp-json\/wp\/v2\/product_cat?post=102576"},{"taxonomy":"product_tag","embeddable":true,"href":"https:\/\/ricondizionatipro.it\/shop\/wp-json\/wp\/v2\/product_tag?post=102576"}],"curies":[{"name":"wp","href":"https:\/\/api.w.org\/{rel}","templated":true}]}}