{"id":101971,"date":"2026-04-26T10:10:25","date_gmt":"2026-04-26T08:10:25","guid":{"rendered":"https:\/\/ricondizionatipro.it\/shop\/prodotto\/laptop-lenovo-thinkpad-x1-carbon-g8-i5-ram-16-gb-ssd-disk-140%e2%80%b3-fhd-7\/"},"modified":"2026-04-26T10:10:25","modified_gmt":"2026-04-26T08:10:25","slug":"laptop-lenovo-thinkpad-x1-carbon-g8-i5-ram-16-gb-ssd-disk-140%e2%80%b3-fhd-7","status":"publish","type":"product","link":"https:\/\/ricondizionatipro.it\/shop\/prodotto\/laptop-lenovo-thinkpad-x1-carbon-g8-i5-ram-16-gb-ssd-disk-140%e2%80%b3-fhd-7\/","title":{"rendered":"Laptop Lenovo ThinkPad X1 Carbon G8 \/ i5 \/ RAM 16 GB \/ SSD Disk \/ 14,0\u2033 FHD"},"content":{"rendered":"<p>Il Lenovo ThinkPad X1 Carbon G8 \u00e8 un laptop all&#039;avanguardia, progettato per offrire prestazioni elevate con un design sottile e leggero. Equipaggiato con un display FHD da 14&quot; e tecnologia antiriflesso, assicura una visione nitida e confortevole in qualsiasi ambiente.<\/p>\n<p>&lt;H2&gt;Principali vantaggi&lt;\/H2&gt;<br \/>\n&lt;ul&gt;<br \/>\n  &lt;li&gt;Processore potente per una gestione senza interruzioni dei compiti quotidiani&lt;\/li&gt;<br \/>\n  &lt;li&gt;Display da 14&quot; con risoluzione FHD per immagini chiare e dettagliate&lt;\/li&gt;<br \/>\n  &lt;li&gt;Archiviazione veloce grazie alla tecnologia &lt;b&gt;NVMe&lt;\/b&gt;&lt;\/li&gt;<br \/>\n  &lt;li&gt;Design compatto e leggero, ideale per la mobilit\u00e0&lt;\/li&gt;<br \/>\n  &lt;li&gt;Tastiera retroilluminata per lavorare anche in condizioni di scarsa illuminazione&lt;\/li&gt;<br \/>\n  &lt;li&gt;Connettivit\u00e0 versatile con porte HDMI, Thunderbolt e USB&lt;\/li&gt;<br \/>\n  &lt;li&gt;Connessione Bluetooth integrata&lt;\/li&gt;<br \/>\n&lt;\/ul&gt;<\/p>\n<p>&lt;H2&gt;Chi acquista questo prodotto&lt;\/H2&gt;<br \/>\nIl Lenovo ThinkPad X1 Carbon G8 si rivolge a professionisti in movimento, studenti e utenti aziendali che necessitano di un laptop affidabile e performante. Ideale per coloro che lavorano in multitasking e hanno bisogno di un dispositivo che bilanci potenza e portabilit\u00e0.<\/p>\n<p>&lt;H2&gt;Possibilit\u00e0 di aggiornamento&lt;\/H2&gt;<br \/>\nQuesto laptop offre la possibilit\u00e0 di espandere la capacit\u00e0 di archiviazione e la memoria per adattarsi al meglio alle tue esigenze future. Se desideri aggiornare il disco o la memoria, &lt;b&gt;consultate sempre un esperto prima di eseguire l&#039;aggiornamento&lt;\/b&gt;.<\/p>\n<p>&lt;H2&gt;Perch\u00e9 scegliere un dispositivo ricondizionato&lt;\/H2&gt;<br \/>\nOptare per un Lenovo ThinkPad ricondizionato significa investire in un dispositivo che ha superato un rigido processo di ricondizionamento professionale, garantendo qualit\u00e0 e affidabilit\u00e0. Grazie a un sistema standardizzato di valutazione della qualit\u00e0, un dispositivo ricondizionato non solo offre un notevole risparmio, ma contribuisce anche a ridurre l&#039;impatto ambientale sostenendo la sostenibilit\u00e0.&lt;h2&gt;Qualit\u00e0 A-&lt;\/h2&gt;&#13;<br \/>\n&lt;p&gt;Segni di usura. Il miglior rapporto qualit\u00e0-prezzo. Parte esterna dei dispositivi pu\u00f2 presentare piccole imperfezioni, come graffi visibili che non influenzano il funzionamento del dispositivo. Gli schermi possono avere leggere imperfezioni che sono lievemente visibili ma non disturbano l&#039;utente durante l&#039;uso del dispositivo.&lt;\/p&gt;<\/p>\n","protected":false},"excerpt":{"rendered":"<p>Intel\u00ae Core\u2122 i5-10310U \/ 1,7 GHz \/ Quad-Core \/ Turbo Speed 4,4 GHz, 16 GB LPDDR3 ONBOARD, 256 GB NVMe SSD, 35,6 cm (14,0\u2033), Matiran (AntiGlare, matt), FHD \/ 1920 x 1080, Intel\u00ae UHD Graphics (IGP), HDMI, Thunderbolt, 2x USB, Backlit keyboard, bluetooth, No OS Installed &#8211; Win10P COA<\/p>\n","protected":false},"featured_media":97214,"template":"","meta":{"inline_featured_image":false},"product_brand":[],"product_cat":[831,832,5882,894,5877,835,833],"product_tag":[],"class_list":{"0":"post-101971","1":"product","2":"type-product","3":"status-publish","4":"has-post-thumbnail","6":"product_cat-laptop","7":"product_cat-laptop-usati","8":"product_cat-laptop-ultrabook","9":"product_cat-lenovo-portatili","10":"product_cat-notebook-per-uso-aziendale","11":"product_cat-portatili-i5","12":"product_cat-ricerca-preferita","14":"first","15":"instock","16":"purchasable","17":"product-type-simple"},"yoast_head":"<!-- This site is optimized with the Yoast SEO plugin v27.2 - https:\/\/yoast.com\/product\/yoast-seo-wordpress\/ -->\n<title>Laptop Lenovo ThinkPad X1 Carbon G8 \/ i5 \/ RAM 16 GB \/ SSD Disk \/ 14,0\u2033 FHD - ricondizionatipro.it<\/title>\n<meta name=\"robots\" content=\"index, follow, max-snippet:-1, max-image-preview:large, max-video-preview:-1\" \/>\n<link rel=\"canonical\" href=\"https:\/\/ricondizionatipro.it\/shop\/prodotto\/laptop-lenovo-thinkpad-x1-carbon-g8-i5-ram-16-gb-ssd-disk-140\u2033-fhd-7\/\" \/>\n<meta property=\"og:locale\" content=\"it_IT\" \/>\n<meta property=\"og:type\" content=\"article\" \/>\n<meta property=\"og:title\" content=\"Laptop Lenovo ThinkPad X1 Carbon G8 \/ i5 \/ RAM 16 GB \/ SSD Disk \/ 14,0\u2033 FHD - ricondizionatipro.it\" \/>\n<meta property=\"og:description\" content=\"Intel\u00ae Core\u2122 i5-10310U \/ 1,7 GHz \/ Quad-Core \/ Turbo Speed 4,4 GHz, 16 GB LPDDR3 ONBOARD, 256 GB NVMe SSD, 35,6 cm (14,0\u2033), Matiran (AntiGlare, matt), FHD \/ 1920 x 1080, Intel\u00ae UHD Graphics (IGP), HDMI, Thunderbolt, 2x USB, Backlit keyboard, bluetooth, No OS Installed - Win10P COA\" \/>\n<meta property=\"og:url\" content=\"https:\/\/ricondizionatipro.it\/shop\/prodotto\/laptop-lenovo-thinkpad-x1-carbon-g8-i5-ram-16-gb-ssd-disk-140\u2033-fhd-7\/\" \/>\n<meta property=\"og:site_name\" content=\"ricondizionatipro.it\" \/>\n<meta property=\"article:publisher\" content=\"https:\/\/www.facebook.com\/ricondizionatipro.it\/\" \/>\n<meta property=\"og:image\" content=\"https:\/\/ricondizionatipro.it\/shop\/wp-content\/uploads\/2026\/02\/lenovo-tp-x1-carbon-g8-10310u-1634022663.jpg\" \/>\n\t<meta property=\"og:image:width\" content=\"700\" \/>\n\t<meta property=\"og:image:height\" content=\"543\" \/>\n\t<meta property=\"og:image:type\" content=\"image\/jpeg\" \/>\n<meta name=\"twitter:card\" content=\"summary_large_image\" \/>\n<meta name=\"twitter:label1\" content=\"Tempo di lettura stimato\" \/>\n\t<meta name=\"twitter:data1\" content=\"2 minuti\" \/>\n<script type=\"application\/ld+json\" class=\"yoast-schema-graph\">{\"@context\":\"https:\/\/schema.org\",\"@graph\":[{\"@type\":\"WebPage\",\"@id\":\"https:\/\/ricondizionatipro.it\/shop\/prodotto\/laptop-lenovo-thinkpad-x1-carbon-g8-i5-ram-16-gb-ssd-disk-140%e2%80%b3-fhd-7\/\",\"url\":\"https:\/\/ricondizionatipro.it\/shop\/prodotto\/laptop-lenovo-thinkpad-x1-carbon-g8-i5-ram-16-gb-ssd-disk-140%e2%80%b3-fhd-7\/\",\"name\":\"Laptop Lenovo ThinkPad X1 Carbon G8 \/ i5 \/ RAM 16 GB \/ SSD Disk \/ 14,0\u2033 FHD - ricondizionatipro.it\",\"isPartOf\":{\"@id\":\"https:\/\/ricondizionatipro.it\/shop\/#website\"},\"primaryImageOfPage\":{\"@id\":\"https:\/\/ricondizionatipro.it\/shop\/prodotto\/laptop-lenovo-thinkpad-x1-carbon-g8-i5-ram-16-gb-ssd-disk-140%e2%80%b3-fhd-7\/#primaryimage\"},\"image\":{\"@id\":\"https:\/\/ricondizionatipro.it\/shop\/prodotto\/laptop-lenovo-thinkpad-x1-carbon-g8-i5-ram-16-gb-ssd-disk-140%e2%80%b3-fhd-7\/#primaryimage\"},\"thumbnailUrl\":\"https:\/\/ricondizionatipro.it\/shop\/wp-content\/uploads\/2026\/02\/lenovo-tp-x1-carbon-g8-10310u-1634022663.jpg\",\"datePublished\":\"2026-04-26T08:10:25+00:00\",\"breadcrumb\":{\"@id\":\"https:\/\/ricondizionatipro.it\/shop\/prodotto\/laptop-lenovo-thinkpad-x1-carbon-g8-i5-ram-16-gb-ssd-disk-140%e2%80%b3-fhd-7\/#breadcrumb\"},\"inLanguage\":\"it-IT\",\"potentialAction\":[{\"@type\":\"ReadAction\",\"target\":[\"https:\/\/ricondizionatipro.it\/shop\/prodotto\/laptop-lenovo-thinkpad-x1-carbon-g8-i5-ram-16-gb-ssd-disk-140%e2%80%b3-fhd-7\/\"]}]},{\"@type\":\"ImageObject\",\"inLanguage\":\"it-IT\",\"@id\":\"https:\/\/ricondizionatipro.it\/shop\/prodotto\/laptop-lenovo-thinkpad-x1-carbon-g8-i5-ram-16-gb-ssd-disk-140%e2%80%b3-fhd-7\/#primaryimage\",\"url\":\"https:\/\/ricondizionatipro.it\/shop\/wp-content\/uploads\/2026\/02\/lenovo-tp-x1-carbon-g8-10310u-1634022663.jpg\",\"contentUrl\":\"https:\/\/ricondizionatipro.it\/shop\/wp-content\/uploads\/2026\/02\/lenovo-tp-x1-carbon-g8-10310u-1634022663.jpg\",\"width\":700,\"height\":543},{\"@type\":\"BreadcrumbList\",\"@id\":\"https:\/\/ricondizionatipro.it\/shop\/prodotto\/laptop-lenovo-thinkpad-x1-carbon-g8-i5-ram-16-gb-ssd-disk-140%e2%80%b3-fhd-7\/#breadcrumb\",\"itemListElement\":[{\"@type\":\"ListItem\",\"position\":1,\"name\":\"Home\",\"item\":\"https:\/\/ricondizionatipro.it\/shop\/\"},{\"@type\":\"ListItem\",\"position\":2,\"name\":\"Laptop Lenovo ThinkPad X1 Carbon G8 \/ i5 \/ RAM 16 GB \/ SSD Disk \/ 14,0\u2033 FHD\"}]},{\"@type\":\"WebSite\",\"@id\":\"https:\/\/ricondizionatipro.it\/shop\/#website\",\"url\":\"https:\/\/ricondizionatipro.it\/shop\/\",\"name\":\"ricondizionatipro.it\",\"description\":\"computer professionali ricondizionati garantiti\",\"publisher\":{\"@id\":\"https:\/\/ricondizionatipro.it\/shop\/#organization\"},\"potentialAction\":[{\"@type\":\"SearchAction\",\"target\":{\"@type\":\"EntryPoint\",\"urlTemplate\":\"https:\/\/ricondizionatipro.it\/shop\/?s={search_term_string}\"},\"query-input\":{\"@type\":\"PropertyValueSpecification\",\"valueRequired\":true,\"valueName\":\"search_term_string\"}}],\"inLanguage\":\"it-IT\"},{\"@type\":\"Organization\",\"@id\":\"https:\/\/ricondizionatipro.it\/shop\/#organization\",\"name\":\"ricondizionatipro.it\",\"url\":\"https:\/\/ricondizionatipro.it\/shop\/\",\"logo\":{\"@type\":\"ImageObject\",\"inLanguage\":\"it-IT\",\"@id\":\"https:\/\/ricondizionatipro.it\/shop\/#\/schema\/logo\/image\/\",\"url\":\"https:\/\/i0.wp.com\/ricondizionatipro.it\/shop\/wp-content\/uploads\/2022\/04\/ricondizionati-pro-logo-trasparente.png?fit=2309%2C1910&ssl=1\",\"contentUrl\":\"https:\/\/i0.wp.com\/ricondizionatipro.it\/shop\/wp-content\/uploads\/2022\/04\/ricondizionati-pro-logo-trasparente.png?fit=2309%2C1910&ssl=1\",\"width\":2309,\"height\":1910,\"caption\":\"ricondizionatipro.it\"},\"image\":{\"@id\":\"https:\/\/ricondizionatipro.it\/shop\/#\/schema\/logo\/image\/\"},\"sameAs\":[\"https:\/\/www.facebook.com\/ricondizionatipro.it\/\",\"https:\/\/www.instagram.com\/ricondizionatipro.it\/\"]}]}<\/script>\n<!-- \/ Yoast SEO plugin. -->","yoast_head_json":{"title":"Laptop Lenovo ThinkPad X1 Carbon G8 \/ i5 \/ RAM 16 GB \/ SSD Disk \/ 14,0\u2033 FHD - ricondizionatipro.it","robots":{"index":"index","follow":"follow","max-snippet":"max-snippet:-1","max-image-preview":"max-image-preview:large","max-video-preview":"max-video-preview:-1"},"canonical":"https:\/\/ricondizionatipro.it\/shop\/prodotto\/laptop-lenovo-thinkpad-x1-carbon-g8-i5-ram-16-gb-ssd-disk-140\u2033-fhd-7\/","og_locale":"it_IT","og_type":"article","og_title":"Laptop Lenovo ThinkPad X1 Carbon G8 \/ i5 \/ RAM 16 GB \/ SSD Disk \/ 14,0\u2033 FHD - ricondizionatipro.it","og_description":"Intel\u00ae Core\u2122 i5-10310U \/ 1,7 GHz \/ Quad-Core \/ Turbo Speed 4,4 GHz, 16 GB LPDDR3 ONBOARD, 256 GB NVMe SSD, 35,6 cm (14,0\u2033), Matiran (AntiGlare, matt), FHD \/ 1920 x 1080, Intel\u00ae UHD Graphics (IGP), HDMI, Thunderbolt, 2x USB, Backlit keyboard, bluetooth, No OS Installed - Win10P COA","og_url":"https:\/\/ricondizionatipro.it\/shop\/prodotto\/laptop-lenovo-thinkpad-x1-carbon-g8-i5-ram-16-gb-ssd-disk-140\u2033-fhd-7\/","og_site_name":"ricondizionatipro.it","article_publisher":"https:\/\/www.facebook.com\/ricondizionatipro.it\/","og_image":[{"width":700,"height":543,"url":"https:\/\/ricondizionatipro.it\/shop\/wp-content\/uploads\/2026\/02\/lenovo-tp-x1-carbon-g8-10310u-1634022663.jpg","type":"image\/jpeg"}],"twitter_card":"summary_large_image","twitter_misc":{"Tempo di lettura stimato":"2 minuti"},"schema":{"@context":"https:\/\/schema.org","@graph":[{"@type":"WebPage","@id":"https:\/\/ricondizionatipro.it\/shop\/prodotto\/laptop-lenovo-thinkpad-x1-carbon-g8-i5-ram-16-gb-ssd-disk-140%e2%80%b3-fhd-7\/","url":"https:\/\/ricondizionatipro.it\/shop\/prodotto\/laptop-lenovo-thinkpad-x1-carbon-g8-i5-ram-16-gb-ssd-disk-140%e2%80%b3-fhd-7\/","name":"Laptop Lenovo ThinkPad X1 Carbon G8 \/ i5 \/ RAM 16 GB \/ SSD Disk \/ 14,0\u2033 FHD - ricondizionatipro.it","isPartOf":{"@id":"https:\/\/ricondizionatipro.it\/shop\/#website"},"primaryImageOfPage":{"@id":"https:\/\/ricondizionatipro.it\/shop\/prodotto\/laptop-lenovo-thinkpad-x1-carbon-g8-i5-ram-16-gb-ssd-disk-140%e2%80%b3-fhd-7\/#primaryimage"},"image":{"@id":"https:\/\/ricondizionatipro.it\/shop\/prodotto\/laptop-lenovo-thinkpad-x1-carbon-g8-i5-ram-16-gb-ssd-disk-140%e2%80%b3-fhd-7\/#primaryimage"},"thumbnailUrl":"https:\/\/ricondizionatipro.it\/shop\/wp-content\/uploads\/2026\/02\/lenovo-tp-x1-carbon-g8-10310u-1634022663.jpg","datePublished":"2026-04-26T08:10:25+00:00","breadcrumb":{"@id":"https:\/\/ricondizionatipro.it\/shop\/prodotto\/laptop-lenovo-thinkpad-x1-carbon-g8-i5-ram-16-gb-ssd-disk-140%e2%80%b3-fhd-7\/#breadcrumb"},"inLanguage":"it-IT","potentialAction":[{"@type":"ReadAction","target":["https:\/\/ricondizionatipro.it\/shop\/prodotto\/laptop-lenovo-thinkpad-x1-carbon-g8-i5-ram-16-gb-ssd-disk-140%e2%80%b3-fhd-7\/"]}]},{"@type":"ImageObject","inLanguage":"it-IT","@id":"https:\/\/ricondizionatipro.it\/shop\/prodotto\/laptop-lenovo-thinkpad-x1-carbon-g8-i5-ram-16-gb-ssd-disk-140%e2%80%b3-fhd-7\/#primaryimage","url":"https:\/\/ricondizionatipro.it\/shop\/wp-content\/uploads\/2026\/02\/lenovo-tp-x1-carbon-g8-10310u-1634022663.jpg","contentUrl":"https:\/\/ricondizionatipro.it\/shop\/wp-content\/uploads\/2026\/02\/lenovo-tp-x1-carbon-g8-10310u-1634022663.jpg","width":700,"height":543},{"@type":"BreadcrumbList","@id":"https:\/\/ricondizionatipro.it\/shop\/prodotto\/laptop-lenovo-thinkpad-x1-carbon-g8-i5-ram-16-gb-ssd-disk-140%e2%80%b3-fhd-7\/#breadcrumb","itemListElement":[{"@type":"ListItem","position":1,"name":"Home","item":"https:\/\/ricondizionatipro.it\/shop\/"},{"@type":"ListItem","position":2,"name":"Laptop Lenovo ThinkPad X1 Carbon G8 \/ i5 \/ RAM 16 GB \/ SSD Disk \/ 14,0\u2033 FHD"}]},{"@type":"WebSite","@id":"https:\/\/ricondizionatipro.it\/shop\/#website","url":"https:\/\/ricondizionatipro.it\/shop\/","name":"ricondizionatipro.it","description":"computer professionali ricondizionati garantiti","publisher":{"@id":"https:\/\/ricondizionatipro.it\/shop\/#organization"},"potentialAction":[{"@type":"SearchAction","target":{"@type":"EntryPoint","urlTemplate":"https:\/\/ricondizionatipro.it\/shop\/?s={search_term_string}"},"query-input":{"@type":"PropertyValueSpecification","valueRequired":true,"valueName":"search_term_string"}}],"inLanguage":"it-IT"},{"@type":"Organization","@id":"https:\/\/ricondizionatipro.it\/shop\/#organization","name":"ricondizionatipro.it","url":"https:\/\/ricondizionatipro.it\/shop\/","logo":{"@type":"ImageObject","inLanguage":"it-IT","@id":"https:\/\/ricondizionatipro.it\/shop\/#\/schema\/logo\/image\/","url":"https:\/\/i0.wp.com\/ricondizionatipro.it\/shop\/wp-content\/uploads\/2022\/04\/ricondizionati-pro-logo-trasparente.png?fit=2309%2C1910&ssl=1","contentUrl":"https:\/\/i0.wp.com\/ricondizionatipro.it\/shop\/wp-content\/uploads\/2022\/04\/ricondizionati-pro-logo-trasparente.png?fit=2309%2C1910&ssl=1","width":2309,"height":1910,"caption":"ricondizionatipro.it"},"image":{"@id":"https:\/\/ricondizionatipro.it\/shop\/#\/schema\/logo\/image\/"},"sameAs":["https:\/\/www.facebook.com\/ricondizionatipro.it\/","https:\/\/www.instagram.com\/ricondizionatipro.it\/"]}]}},"acf":[],"_links":{"self":[{"href":"https:\/\/ricondizionatipro.it\/shop\/wp-json\/wp\/v2\/product\/101971","targetHints":{"allow":["GET"]}}],"collection":[{"href":"https:\/\/ricondizionatipro.it\/shop\/wp-json\/wp\/v2\/product"}],"about":[{"href":"https:\/\/ricondizionatipro.it\/shop\/wp-json\/wp\/v2\/types\/product"}],"wp:featuredmedia":[{"embeddable":true,"href":"https:\/\/ricondizionatipro.it\/shop\/wp-json\/wp\/v2\/media\/97214"}],"wp:attachment":[{"href":"https:\/\/ricondizionatipro.it\/shop\/wp-json\/wp\/v2\/media?parent=101971"}],"wp:term":[{"taxonomy":"product_brand","embeddable":true,"href":"https:\/\/ricondizionatipro.it\/shop\/wp-json\/wp\/v2\/product_brand?post=101971"},{"taxonomy":"product_cat","embeddable":true,"href":"https:\/\/ricondizionatipro.it\/shop\/wp-json\/wp\/v2\/product_cat?post=101971"},{"taxonomy":"product_tag","embeddable":true,"href":"https:\/\/ricondizionatipro.it\/shop\/wp-json\/wp\/v2\/product_tag?post=101971"}],"curies":[{"name":"wp","href":"https:\/\/api.w.org\/{rel}","templated":true}]}}