{"id":101967,"date":"2026-04-26T10:10:22","date_gmt":"2026-04-26T08:10:22","guid":{"rendered":"https:\/\/ricondizionatipro.it\/shop\/prodotto\/laptop-lenovo-thinkpad-x1-carbon-g8-i5-ram-16-gb-ssd-disk-140%e2%80%b3-fhd-3\/"},"modified":"2026-04-26T10:10:23","modified_gmt":"2026-04-26T08:10:23","slug":"laptop-lenovo-thinkpad-x1-carbon-g8-i5-ram-16-gb-ssd-disk-140%e2%80%b3-fhd-3","status":"publish","type":"product","link":"https:\/\/ricondizionatipro.it\/shop\/prodotto\/laptop-lenovo-thinkpad-x1-carbon-g8-i5-ram-16-gb-ssd-disk-140%e2%80%b3-fhd-3\/","title":{"rendered":"Laptop Lenovo ThinkPad X1 Carbon G8 \/ i5 \/ RAM 16 GB \/ SSD Disk \/ 14,0\u2033 FHD"},"content":{"rendered":"<p>Il Laptop Lenovo ThinkPad X1 Carbon G8 \u00e8 progettato per chi cerca affidabilit\u00e0 e prestazioni in un formato compatto ed elegante. Con un display da 14 pollici e un design anti-riflesso, offre un&#039;esperienza visiva chiara in qualsiasi condizione di illuminazione.<\/p>\n<p>&lt;H2&gt;Principali vantaggi&lt;\/H2&gt;<br \/>\n&lt;ul&gt;<br \/>\n&lt;li&gt;&lt;b&gt;Prestazioni di livello alto grazie al processore di ultima generazione I5&lt;\/b&gt;: Ideale per gestire applicazioni impegnative e multitasking.&lt;\/li&gt;<br \/>\n&lt;li&gt;&lt;b&gt;Memoria e spazio di archiviazione ampliabili&lt;\/b&gt;: La RAM da 16 GB assicura fluidit\u00e0 operativa, mentre l&#039;unit\u00e0 SSD, con tecnologia NVMe, garantisce velocit\u00e0 di accesso ai dati senza paragoni.&lt;\/li&gt;<br \/>\n&lt;li&gt;&lt;b&gt;Connettivit\u00e0 versatile&lt;\/b&gt;: Include porte HDMI, Thunderbolt e USB per collegare facilmente tutti i tuoi dispositivi.&lt;\/li&gt;<br \/>\n&lt;li&gt;&lt;b&gt;Tastiera retroilluminata&lt;\/b&gt;: Perfetta per ambienti di lavoro con poca illuminazione.&lt;\/li&gt;<br \/>\n&lt;li&gt;&lt;b&gt;Design portatile&lt;\/b&gt;: La leggerezza e la robustezza del dispositivo lo rendono ideale per i professionisti sempre in movimento.&lt;\/li&gt;<br \/>\n&lt;\/ul&gt;<\/p>\n<p>&lt;H2&gt;Chi acquista questo prodotto&lt;\/H2&gt;<br \/>\nPensato per professionisti, studenti e chiunque necessiti di un portatile affidabile in mobilit\u00e0. La combinazione di potenza e design elegante lo rende perfetto sia per l&#039;ufficio che per l&#039;uso domestico.<\/p>\n<p>&lt;H2&gt;Possibilit\u00e0 di aggiornamento&lt;\/H2&gt;<br \/>\nAggiornare il disco e la memoria pu\u00f2 estendere il ciclo di vita del dispositivo. Consultate sempre un esperto prima di eseguire l&#039;aggiornamento.<\/p>\n<p>&lt;H2&gt;Perch\u00e9 scegliere un dispositivo ricondizionato&lt;\/H2&gt;<br \/>\nOptare per un dispositivo ricondizionato significa fare una scelta ecologica ed economica, accedendo a tecnologia avanzata a un costo pi\u00f9 contenuto. I dispositivi ricondizionati sono sottoposti a un servizio professionale di ricondizionamento e valutati attraverso un sistema standardizzato di qualit\u00e0, assicurando funzionalit\u00e0 e prestazioni eccellenti. Scegliere un dispositivo ricondizionato \u00e8 un passo verso un consumo pi\u00f9 sostenibile e intelligente.&lt;h2&gt;Qualit\u00e0 A-&lt;\/h2&gt;&#13;<br \/>\n&lt;p&gt;Segni di usura. Il miglior rapporto qualit\u00e0-prezzo. Parte esterna dei dispositivi pu\u00f2 presentare piccole imperfezioni, come graffi visibili che non influenzano il funzionamento del dispositivo. Gli schermi possono avere leggere imperfezioni che sono lievemente visibili ma non disturbano l&#039;utente durante l&#039;uso del dispositivo.&lt;\/p&gt;<\/p>\n","protected":false},"excerpt":{"rendered":"<p>Intel\u00ae Core\u2122 i5-10210U \/ 1.60 GHz \/ Quad-Core \/ 4.20 GHz TurboBoost, 16 GB LPDDR3 ONBOARD, 256 GB NVMe SSD, 35,6 cm (14,0\u2033), Matiran (AntiGlare, matt), FHD \/ 1920 x 1080, Intel\u00ae UHD Graphics (IGP), HDMI, Thunderbolt, 2x USB, backlit_kb, bluetooth, No OS Installed &#8211; Win10P COA, Telecamera non funzionante<\/p>\n","protected":false},"featured_media":97214,"template":"","meta":{"inline_featured_image":false},"product_brand":[],"product_cat":[831,832,5882,894,5877,5876,835,833],"product_tag":[],"class_list":{"0":"post-101967","1":"product","2":"type-product","3":"status-publish","4":"has-post-thumbnail","6":"product_cat-laptop","7":"product_cat-laptop-usati","8":"product_cat-laptop-ultrabook","9":"product_cat-lenovo-portatili","10":"product_cat-notebook-per-uso-aziendale","11":"product_cat-notebook-per-uso-domestico","12":"product_cat-portatili-i5","13":"product_cat-ricerca-preferita","15":"first","16":"instock","17":"purchasable","18":"product-type-simple"},"yoast_head":"<!-- This site is optimized with the Yoast SEO plugin v27.2 - https:\/\/yoast.com\/product\/yoast-seo-wordpress\/ -->\n<title>Laptop Lenovo ThinkPad X1 Carbon G8 \/ i5 \/ RAM 16 GB \/ SSD Disk \/ 14,0\u2033 FHD - ricondizionatipro.it<\/title>\n<meta name=\"robots\" content=\"index, follow, max-snippet:-1, max-image-preview:large, max-video-preview:-1\" \/>\n<link rel=\"canonical\" href=\"https:\/\/ricondizionatipro.it\/shop\/prodotto\/laptop-lenovo-thinkpad-x1-carbon-g8-i5-ram-16-gb-ssd-disk-140\u2033-fhd-3\/\" \/>\n<meta property=\"og:locale\" content=\"it_IT\" \/>\n<meta property=\"og:type\" content=\"article\" \/>\n<meta property=\"og:title\" content=\"Laptop Lenovo ThinkPad X1 Carbon G8 \/ i5 \/ RAM 16 GB \/ SSD Disk \/ 14,0\u2033 FHD - ricondizionatipro.it\" \/>\n<meta property=\"og:description\" content=\"Intel\u00ae Core\u2122 i5-10210U \/ 1.60 GHz \/ Quad-Core \/ 4.20 GHz TurboBoost, 16 GB LPDDR3 ONBOARD, 256 GB NVMe SSD, 35,6 cm (14,0\u2033), Matiran (AntiGlare, matt), FHD \/ 1920 x 1080, Intel\u00ae UHD Graphics (IGP), HDMI, Thunderbolt, 2x USB, backlit_kb, bluetooth, No OS Installed - Win10P COA, Telecamera non funzionante\" \/>\n<meta property=\"og:url\" content=\"https:\/\/ricondizionatipro.it\/shop\/prodotto\/laptop-lenovo-thinkpad-x1-carbon-g8-i5-ram-16-gb-ssd-disk-140\u2033-fhd-3\/\" \/>\n<meta property=\"og:site_name\" content=\"ricondizionatipro.it\" \/>\n<meta property=\"article:publisher\" content=\"https:\/\/www.facebook.com\/ricondizionatipro.it\/\" \/>\n<meta property=\"article:modified_time\" content=\"2026-04-26T08:10:23+00:00\" \/>\n<meta property=\"og:image\" content=\"https:\/\/ricondizionatipro.it\/shop\/wp-content\/uploads\/2026\/02\/lenovo-tp-x1-carbon-g8-10310u-1634022663.jpg\" \/>\n\t<meta property=\"og:image:width\" content=\"700\" \/>\n\t<meta property=\"og:image:height\" content=\"543\" \/>\n\t<meta property=\"og:image:type\" content=\"image\/jpeg\" \/>\n<meta name=\"twitter:card\" content=\"summary_large_image\" \/>\n<meta name=\"twitter:label1\" content=\"Tempo di lettura stimato\" \/>\n\t<meta name=\"twitter:data1\" content=\"2 minuti\" \/>\n<script type=\"application\/ld+json\" class=\"yoast-schema-graph\">{\"@context\":\"https:\/\/schema.org\",\"@graph\":[{\"@type\":\"WebPage\",\"@id\":\"https:\/\/ricondizionatipro.it\/shop\/prodotto\/laptop-lenovo-thinkpad-x1-carbon-g8-i5-ram-16-gb-ssd-disk-140%e2%80%b3-fhd-3\/\",\"url\":\"https:\/\/ricondizionatipro.it\/shop\/prodotto\/laptop-lenovo-thinkpad-x1-carbon-g8-i5-ram-16-gb-ssd-disk-140%e2%80%b3-fhd-3\/\",\"name\":\"Laptop Lenovo ThinkPad X1 Carbon G8 \/ i5 \/ RAM 16 GB \/ SSD Disk \/ 14,0\u2033 FHD - ricondizionatipro.it\",\"isPartOf\":{\"@id\":\"https:\/\/ricondizionatipro.it\/shop\/#website\"},\"primaryImageOfPage\":{\"@id\":\"https:\/\/ricondizionatipro.it\/shop\/prodotto\/laptop-lenovo-thinkpad-x1-carbon-g8-i5-ram-16-gb-ssd-disk-140%e2%80%b3-fhd-3\/#primaryimage\"},\"image\":{\"@id\":\"https:\/\/ricondizionatipro.it\/shop\/prodotto\/laptop-lenovo-thinkpad-x1-carbon-g8-i5-ram-16-gb-ssd-disk-140%e2%80%b3-fhd-3\/#primaryimage\"},\"thumbnailUrl\":\"https:\/\/ricondizionatipro.it\/shop\/wp-content\/uploads\/2026\/02\/lenovo-tp-x1-carbon-g8-10310u-1634022663.jpg\",\"datePublished\":\"2026-04-26T08:10:22+00:00\",\"dateModified\":\"2026-04-26T08:10:23+00:00\",\"breadcrumb\":{\"@id\":\"https:\/\/ricondizionatipro.it\/shop\/prodotto\/laptop-lenovo-thinkpad-x1-carbon-g8-i5-ram-16-gb-ssd-disk-140%e2%80%b3-fhd-3\/#breadcrumb\"},\"inLanguage\":\"it-IT\",\"potentialAction\":[{\"@type\":\"ReadAction\",\"target\":[\"https:\/\/ricondizionatipro.it\/shop\/prodotto\/laptop-lenovo-thinkpad-x1-carbon-g8-i5-ram-16-gb-ssd-disk-140%e2%80%b3-fhd-3\/\"]}]},{\"@type\":\"ImageObject\",\"inLanguage\":\"it-IT\",\"@id\":\"https:\/\/ricondizionatipro.it\/shop\/prodotto\/laptop-lenovo-thinkpad-x1-carbon-g8-i5-ram-16-gb-ssd-disk-140%e2%80%b3-fhd-3\/#primaryimage\",\"url\":\"https:\/\/ricondizionatipro.it\/shop\/wp-content\/uploads\/2026\/02\/lenovo-tp-x1-carbon-g8-10310u-1634022663.jpg\",\"contentUrl\":\"https:\/\/ricondizionatipro.it\/shop\/wp-content\/uploads\/2026\/02\/lenovo-tp-x1-carbon-g8-10310u-1634022663.jpg\",\"width\":700,\"height\":543},{\"@type\":\"BreadcrumbList\",\"@id\":\"https:\/\/ricondizionatipro.it\/shop\/prodotto\/laptop-lenovo-thinkpad-x1-carbon-g8-i5-ram-16-gb-ssd-disk-140%e2%80%b3-fhd-3\/#breadcrumb\",\"itemListElement\":[{\"@type\":\"ListItem\",\"position\":1,\"name\":\"Home\",\"item\":\"https:\/\/ricondizionatipro.it\/shop\/\"},{\"@type\":\"ListItem\",\"position\":2,\"name\":\"Laptop Lenovo ThinkPad X1 Carbon G8 \/ i5 \/ RAM 16 GB \/ SSD Disk \/ 14,0\u2033 FHD\"}]},{\"@type\":\"WebSite\",\"@id\":\"https:\/\/ricondizionatipro.it\/shop\/#website\",\"url\":\"https:\/\/ricondizionatipro.it\/shop\/\",\"name\":\"ricondizionatipro.it\",\"description\":\"computer professionali ricondizionati garantiti\",\"publisher\":{\"@id\":\"https:\/\/ricondizionatipro.it\/shop\/#organization\"},\"potentialAction\":[{\"@type\":\"SearchAction\",\"target\":{\"@type\":\"EntryPoint\",\"urlTemplate\":\"https:\/\/ricondizionatipro.it\/shop\/?s={search_term_string}\"},\"query-input\":{\"@type\":\"PropertyValueSpecification\",\"valueRequired\":true,\"valueName\":\"search_term_string\"}}],\"inLanguage\":\"it-IT\"},{\"@type\":\"Organization\",\"@id\":\"https:\/\/ricondizionatipro.it\/shop\/#organization\",\"name\":\"ricondizionatipro.it\",\"url\":\"https:\/\/ricondizionatipro.it\/shop\/\",\"logo\":{\"@type\":\"ImageObject\",\"inLanguage\":\"it-IT\",\"@id\":\"https:\/\/ricondizionatipro.it\/shop\/#\/schema\/logo\/image\/\",\"url\":\"https:\/\/i0.wp.com\/ricondizionatipro.it\/shop\/wp-content\/uploads\/2022\/04\/ricondizionati-pro-logo-trasparente.png?fit=2309%2C1910&ssl=1\",\"contentUrl\":\"https:\/\/i0.wp.com\/ricondizionatipro.it\/shop\/wp-content\/uploads\/2022\/04\/ricondizionati-pro-logo-trasparente.png?fit=2309%2C1910&ssl=1\",\"width\":2309,\"height\":1910,\"caption\":\"ricondizionatipro.it\"},\"image\":{\"@id\":\"https:\/\/ricondizionatipro.it\/shop\/#\/schema\/logo\/image\/\"},\"sameAs\":[\"https:\/\/www.facebook.com\/ricondizionatipro.it\/\",\"https:\/\/www.instagram.com\/ricondizionatipro.it\/\"]}]}<\/script>\n<!-- \/ Yoast SEO plugin. -->","yoast_head_json":{"title":"Laptop Lenovo ThinkPad X1 Carbon G8 \/ i5 \/ RAM 16 GB \/ SSD Disk \/ 14,0\u2033 FHD - ricondizionatipro.it","robots":{"index":"index","follow":"follow","max-snippet":"max-snippet:-1","max-image-preview":"max-image-preview:large","max-video-preview":"max-video-preview:-1"},"canonical":"https:\/\/ricondizionatipro.it\/shop\/prodotto\/laptop-lenovo-thinkpad-x1-carbon-g8-i5-ram-16-gb-ssd-disk-140\u2033-fhd-3\/","og_locale":"it_IT","og_type":"article","og_title":"Laptop Lenovo ThinkPad X1 Carbon G8 \/ i5 \/ RAM 16 GB \/ SSD Disk \/ 14,0\u2033 FHD - ricondizionatipro.it","og_description":"Intel\u00ae Core\u2122 i5-10210U \/ 1.60 GHz \/ Quad-Core \/ 4.20 GHz TurboBoost, 16 GB LPDDR3 ONBOARD, 256 GB NVMe SSD, 35,6 cm (14,0\u2033), Matiran (AntiGlare, matt), FHD \/ 1920 x 1080, Intel\u00ae UHD Graphics (IGP), HDMI, Thunderbolt, 2x USB, backlit_kb, bluetooth, No OS Installed - Win10P COA, Telecamera non funzionante","og_url":"https:\/\/ricondizionatipro.it\/shop\/prodotto\/laptop-lenovo-thinkpad-x1-carbon-g8-i5-ram-16-gb-ssd-disk-140\u2033-fhd-3\/","og_site_name":"ricondizionatipro.it","article_publisher":"https:\/\/www.facebook.com\/ricondizionatipro.it\/","article_modified_time":"2026-04-26T08:10:23+00:00","og_image":[{"width":700,"height":543,"url":"https:\/\/ricondizionatipro.it\/shop\/wp-content\/uploads\/2026\/02\/lenovo-tp-x1-carbon-g8-10310u-1634022663.jpg","type":"image\/jpeg"}],"twitter_card":"summary_large_image","twitter_misc":{"Tempo di lettura stimato":"2 minuti"},"schema":{"@context":"https:\/\/schema.org","@graph":[{"@type":"WebPage","@id":"https:\/\/ricondizionatipro.it\/shop\/prodotto\/laptop-lenovo-thinkpad-x1-carbon-g8-i5-ram-16-gb-ssd-disk-140%e2%80%b3-fhd-3\/","url":"https:\/\/ricondizionatipro.it\/shop\/prodotto\/laptop-lenovo-thinkpad-x1-carbon-g8-i5-ram-16-gb-ssd-disk-140%e2%80%b3-fhd-3\/","name":"Laptop Lenovo ThinkPad X1 Carbon G8 \/ i5 \/ RAM 16 GB \/ SSD Disk \/ 14,0\u2033 FHD - ricondizionatipro.it","isPartOf":{"@id":"https:\/\/ricondizionatipro.it\/shop\/#website"},"primaryImageOfPage":{"@id":"https:\/\/ricondizionatipro.it\/shop\/prodotto\/laptop-lenovo-thinkpad-x1-carbon-g8-i5-ram-16-gb-ssd-disk-140%e2%80%b3-fhd-3\/#primaryimage"},"image":{"@id":"https:\/\/ricondizionatipro.it\/shop\/prodotto\/laptop-lenovo-thinkpad-x1-carbon-g8-i5-ram-16-gb-ssd-disk-140%e2%80%b3-fhd-3\/#primaryimage"},"thumbnailUrl":"https:\/\/ricondizionatipro.it\/shop\/wp-content\/uploads\/2026\/02\/lenovo-tp-x1-carbon-g8-10310u-1634022663.jpg","datePublished":"2026-04-26T08:10:22+00:00","dateModified":"2026-04-26T08:10:23+00:00","breadcrumb":{"@id":"https:\/\/ricondizionatipro.it\/shop\/prodotto\/laptop-lenovo-thinkpad-x1-carbon-g8-i5-ram-16-gb-ssd-disk-140%e2%80%b3-fhd-3\/#breadcrumb"},"inLanguage":"it-IT","potentialAction":[{"@type":"ReadAction","target":["https:\/\/ricondizionatipro.it\/shop\/prodotto\/laptop-lenovo-thinkpad-x1-carbon-g8-i5-ram-16-gb-ssd-disk-140%e2%80%b3-fhd-3\/"]}]},{"@type":"ImageObject","inLanguage":"it-IT","@id":"https:\/\/ricondizionatipro.it\/shop\/prodotto\/laptop-lenovo-thinkpad-x1-carbon-g8-i5-ram-16-gb-ssd-disk-140%e2%80%b3-fhd-3\/#primaryimage","url":"https:\/\/ricondizionatipro.it\/shop\/wp-content\/uploads\/2026\/02\/lenovo-tp-x1-carbon-g8-10310u-1634022663.jpg","contentUrl":"https:\/\/ricondizionatipro.it\/shop\/wp-content\/uploads\/2026\/02\/lenovo-tp-x1-carbon-g8-10310u-1634022663.jpg","width":700,"height":543},{"@type":"BreadcrumbList","@id":"https:\/\/ricondizionatipro.it\/shop\/prodotto\/laptop-lenovo-thinkpad-x1-carbon-g8-i5-ram-16-gb-ssd-disk-140%e2%80%b3-fhd-3\/#breadcrumb","itemListElement":[{"@type":"ListItem","position":1,"name":"Home","item":"https:\/\/ricondizionatipro.it\/shop\/"},{"@type":"ListItem","position":2,"name":"Laptop Lenovo ThinkPad X1 Carbon G8 \/ i5 \/ RAM 16 GB \/ SSD Disk \/ 14,0\u2033 FHD"}]},{"@type":"WebSite","@id":"https:\/\/ricondizionatipro.it\/shop\/#website","url":"https:\/\/ricondizionatipro.it\/shop\/","name":"ricondizionatipro.it","description":"computer professionali ricondizionati garantiti","publisher":{"@id":"https:\/\/ricondizionatipro.it\/shop\/#organization"},"potentialAction":[{"@type":"SearchAction","target":{"@type":"EntryPoint","urlTemplate":"https:\/\/ricondizionatipro.it\/shop\/?s={search_term_string}"},"query-input":{"@type":"PropertyValueSpecification","valueRequired":true,"valueName":"search_term_string"}}],"inLanguage":"it-IT"},{"@type":"Organization","@id":"https:\/\/ricondizionatipro.it\/shop\/#organization","name":"ricondizionatipro.it","url":"https:\/\/ricondizionatipro.it\/shop\/","logo":{"@type":"ImageObject","inLanguage":"it-IT","@id":"https:\/\/ricondizionatipro.it\/shop\/#\/schema\/logo\/image\/","url":"https:\/\/i0.wp.com\/ricondizionatipro.it\/shop\/wp-content\/uploads\/2022\/04\/ricondizionati-pro-logo-trasparente.png?fit=2309%2C1910&ssl=1","contentUrl":"https:\/\/i0.wp.com\/ricondizionatipro.it\/shop\/wp-content\/uploads\/2022\/04\/ricondizionati-pro-logo-trasparente.png?fit=2309%2C1910&ssl=1","width":2309,"height":1910,"caption":"ricondizionatipro.it"},"image":{"@id":"https:\/\/ricondizionatipro.it\/shop\/#\/schema\/logo\/image\/"},"sameAs":["https:\/\/www.facebook.com\/ricondizionatipro.it\/","https:\/\/www.instagram.com\/ricondizionatipro.it\/"]}]}},"acf":[],"_links":{"self":[{"href":"https:\/\/ricondizionatipro.it\/shop\/wp-json\/wp\/v2\/product\/101967","targetHints":{"allow":["GET"]}}],"collection":[{"href":"https:\/\/ricondizionatipro.it\/shop\/wp-json\/wp\/v2\/product"}],"about":[{"href":"https:\/\/ricondizionatipro.it\/shop\/wp-json\/wp\/v2\/types\/product"}],"wp:featuredmedia":[{"embeddable":true,"href":"https:\/\/ricondizionatipro.it\/shop\/wp-json\/wp\/v2\/media\/97214"}],"wp:attachment":[{"href":"https:\/\/ricondizionatipro.it\/shop\/wp-json\/wp\/v2\/media?parent=101967"}],"wp:term":[{"taxonomy":"product_brand","embeddable":true,"href":"https:\/\/ricondizionatipro.it\/shop\/wp-json\/wp\/v2\/product_brand?post=101967"},{"taxonomy":"product_cat","embeddable":true,"href":"https:\/\/ricondizionatipro.it\/shop\/wp-json\/wp\/v2\/product_cat?post=101967"},{"taxonomy":"product_tag","embeddable":true,"href":"https:\/\/ricondizionatipro.it\/shop\/wp-json\/wp\/v2\/product_tag?post=101967"}],"curies":[{"name":"wp","href":"https:\/\/api.w.org\/{rel}","templated":true}]}}