{"id":9722,"date":"2022-05-02T15:55:17","date_gmt":"2022-05-02T13:55:17","guid":{"rendered":"http:\/\/ricondizionatipro.it\/shop\/?page_id=9722"},"modified":"2025-07-02T18:07:30","modified_gmt":"2025-07-02T16:07:30","slug":"noleggio-operativo-computer-brescia","status":"publish","type":"page","link":"https:\/\/ricondizionatipro.it\/shop\/noleggio-operativo-computer-brescia\/","title":{"rendered":"Noleggio operativo"},"content":{"rendered":"\n<div class=\"wp-block-group is-vertical is-content-justification-center is-layout-flex wp-container-core-group-is-layout-4b2eccd6 wp-block-group-is-layout-flex\">\n<h2 class=\"wp-block-heading has-text-align-center\">Noleggio a lungo termine o noleggio operativo<\/h2>\n\n\n\n<p><\/p>\n\n\n\n<p>Il noleggio operativo di beni strumentali \u00e8 una formula ampiamente utilizzata e di gran lunga pi\u00f9 conveniente rispetto all\u2019acquisto e al leasing, consente di risparmiare. Ecco perch\u00e9 e quali vantaggi offre<\/p>\n\n\n\n<p><\/p>\n\n\n\n<figure class=\"wp-block-image size-full\"><img decoding=\"async\" width=\"835\" height=\"437\" data-src=\"https:\/\/ricondizionatipro.it\/shop\/wp-content\/uploads\/2022\/09\/noleggio-operativo-leasing-workstation-computer.jpg\" alt=\"\" class=\"wp-image-18663 lazyload\" data-srcset=\"https:\/\/ricondizionatipro.it\/shop\/wp-content\/uploads\/2022\/09\/noleggio-operativo-leasing-workstation-computer.jpg 835w, https:\/\/ricondizionatipro.it\/shop\/wp-content\/uploads\/2022\/09\/noleggio-operativo-leasing-workstation-computer-300x157.jpg 300w, https:\/\/ricondizionatipro.it\/shop\/wp-content\/uploads\/2022\/09\/noleggio-operativo-leasing-workstation-computer-600x314.jpg 600w, https:\/\/ricondizionatipro.it\/shop\/wp-content\/uploads\/2022\/09\/noleggio-operativo-leasing-workstation-computer-768x402.jpg 768w, https:\/\/ricondizionatipro.it\/shop\/wp-content\/uploads\/2022\/09\/noleggio-operativo-leasing-workstation-computer-102x53.jpg 102w, https:\/\/ricondizionatipro.it\/shop\/wp-content\/uploads\/2022\/09\/noleggio-operativo-leasing-workstation-computer-142x74.jpg 142w, https:\/\/ricondizionatipro.it\/shop\/wp-content\/uploads\/2022\/09\/noleggio-operativo-leasing-workstation-computer-284x149.jpg 284w, https:\/\/ricondizionatipro.it\/shop\/wp-content\/uploads\/2022\/09\/noleggio-operativo-leasing-workstation-computer-282x148.jpg 282w, https:\/\/ricondizionatipro.it\/shop\/wp-content\/uploads\/2022\/09\/noleggio-operativo-leasing-workstation-computer-564x295.jpg 564w, https:\/\/ricondizionatipro.it\/shop\/wp-content\/uploads\/2022\/09\/noleggio-operativo-leasing-workstation-computer-470x246.jpg 470w\" data-sizes=\"(max-width: 835px) 100vw, 835px\" src=\"data:image\/svg+xml;base64,PHN2ZyB3aWR0aD0iMSIgaGVpZ2h0PSIxIiB4bWxucz0iaHR0cDovL3d3dy53My5vcmcvMjAwMC9zdmciPjwvc3ZnPg==\" style=\"--smush-placeholder-width: 835px; --smush-placeholder-aspect-ratio: 835\/437;\" \/><figcaption class=\"wp-element-caption\">il noleggio operativo \u00e8 una formula spesso utilizzata dagli studi tecnici<\/figcaption><\/figure>\n\n\n\n<p><\/p>\n\n\n\n<p><\/p>\n\n\n\n<h5 class=\"wp-block-heading\"><strong>Cos\u2019\u00e8 il noleggio operativo dei beni strumentali<\/strong><\/h5>\n\n\n\n<p class=\"has-text-align-center\">Nella fattispecie, il noleggio operativo rappresenta la soluzione pi\u00f9 conveniente tra tutte. Conosciuta<br>anche come locazione operativa, leasing operativo o renting, questa formula consiste nell\u2019affitto di un<br>bene strumentale la cui propriet\u00e0 non viene in alcun modo ceduta, ma rimane sempre a capo della societ\u00e0<br>di noleggio. In questo senso, il noleggio operativo pu\u00f2 sembrare uguale al leasing finanziario se non fosse per il fatto che nel leasing non \u00e8 possibile acquisire il bene. Mentre nel noleggio operativo il bene pu\u00f2 essere riscattato alla fine del contratto a una quota concordata sin dal principio dell\u2019accordo, il comune leasing non prevede alcun riscatto del bene. A fine contratto, \u00e8 possibile continuare il noleggio con rate ribassate,<br>chiedere la sostituzione con un bene strumentale pi\u00f9 moderno o, semplicemente, restituire il bene e<br>recedere dal contratto. La possibilit\u00e0 di riscatto \u00e8, dunque, contemplata esclusivamente nel noleggio operativo che si configura come una sorta di acquisto con pagamento dilazionato nel tempo<\/p>\n\n\n\n<p><\/p>\n\n\n\n<h5 class=\"wp-block-heading\"><strong>A chi conviene e quali soggetti coinvolge<\/strong><\/h5>\n\n\n\n<p class=\"has-text-align-center\">I settori interessati dal noleggio operativo sono molti e tra questi figurano in prima linea il comparto di<br>informatica e telecomunicazioni con beni strumentali quali pc, notebook, server, dispositivi di<br>networking, macchine fotocopiatrici, monitor interattivi, scanner, software applicativi, servizi di assistenza<br>e altri strumenti per l\u2019ufficio. La locazione operativa \u00e8 nata anche in Italia nel settore ICT. Fotocopiatrici, computer e stampanti, oltre a centraline telefoniche e apparati di rete, sono stati tradizionalmente i primi settori a utilizzarlo. Poi nel tempo si \u00e8 allargato anche ad altri settori. Questa soluzione \u00e8 ideale per start up, aziende neo costituite, piccole e medio imprese e grandi aziende che necessitano di infrastrutture aziendali sempre all\u2019avanguardia per assicurarsi l\u2019innovazione tecnologica in modo agevole e senza incappare in eventuali difficolt\u00e0 nell\u2019accedere ai classici strumenti finanziari come finanziamenti e leasing<\/p>\n\n\n\n<p><\/p>\n\n\n\n<figure class=\"wp-block-gallery has-nested-images columns-default is-cropped wp-block-gallery-1 is-layout-flex wp-block-gallery-is-layout-flex\">\n<figure class=\"wp-block-image size-large\"><img decoding=\"async\" width=\"600\" height=\"450\" data-id=\"18665\" data-src=\"https:\/\/ricondizionatipro.it\/shop\/wp-content\/uploads\/2022\/09\/dell-precision-workstation-offerta.jpg\" alt=\"nuova linea workstation portatile dell precision\" class=\"wp-image-18665 lazyload\" data-srcset=\"https:\/\/ricondizionatipro.it\/shop\/wp-content\/uploads\/2022\/09\/dell-precision-workstation-offerta.jpg 600w, https:\/\/ricondizionatipro.it\/shop\/wp-content\/uploads\/2022\/09\/dell-precision-workstation-offerta-300x225.jpg 300w, https:\/\/ricondizionatipro.it\/shop\/wp-content\/uploads\/2022\/09\/dell-precision-workstation-offerta-102x77.jpg 102w, https:\/\/ricondizionatipro.it\/shop\/wp-content\/uploads\/2022\/09\/dell-precision-workstation-offerta-142x106.jpg 142w, https:\/\/ricondizionatipro.it\/shop\/wp-content\/uploads\/2022\/09\/dell-precision-workstation-offerta-284x212.jpg 284w, https:\/\/ricondizionatipro.it\/shop\/wp-content\/uploads\/2022\/09\/dell-precision-workstation-offerta-282x212.jpg 282w, https:\/\/ricondizionatipro.it\/shop\/wp-content\/uploads\/2022\/09\/dell-precision-workstation-offerta-564x423.jpg 564w, https:\/\/ricondizionatipro.it\/shop\/wp-content\/uploads\/2022\/09\/dell-precision-workstation-offerta-470x353.jpg 470w\" data-sizes=\"(max-width: 600px) 100vw, 600px\" src=\"data:image\/svg+xml;base64,PHN2ZyB3aWR0aD0iMSIgaGVpZ2h0PSIxIiB4bWxucz0iaHR0cDovL3d3dy53My5vcmcvMjAwMC9zdmciPjwvc3ZnPg==\" style=\"--smush-placeholder-width: 600px; --smush-placeholder-aspect-ratio: 600\/450;\" \/><\/figure>\n\n\n\n<figure class=\"wp-block-image size-large\"><img decoding=\"async\" width=\"741\" height=\"494\" data-id=\"18666\" data-src=\"https:\/\/ricondizionatipro.it\/shop\/wp-content\/uploads\/2022\/09\/noleggio-operativo-computer-brescia.jpg\" alt=\"nuova gamma workstation desktop dell precision\" class=\"wp-image-18666 lazyload\" data-srcset=\"https:\/\/ricondizionatipro.it\/shop\/wp-content\/uploads\/2022\/09\/noleggio-operativo-computer-brescia.jpg 741w, https:\/\/ricondizionatipro.it\/shop\/wp-content\/uploads\/2022\/09\/noleggio-operativo-computer-brescia-300x200.jpg 300w, https:\/\/ricondizionatipro.it\/shop\/wp-content\/uploads\/2022\/09\/noleggio-operativo-computer-brescia-600x400.jpg 600w, https:\/\/ricondizionatipro.it\/shop\/wp-content\/uploads\/2022\/09\/noleggio-operativo-computer-brescia-102x68.jpg 102w, https:\/\/ricondizionatipro.it\/shop\/wp-content\/uploads\/2022\/09\/noleggio-operativo-computer-brescia-142x95.jpg 142w, https:\/\/ricondizionatipro.it\/shop\/wp-content\/uploads\/2022\/09\/noleggio-operativo-computer-brescia-284x189.jpg 284w, https:\/\/ricondizionatipro.it\/shop\/wp-content\/uploads\/2022\/09\/noleggio-operativo-computer-brescia-282x188.jpg 282w, https:\/\/ricondizionatipro.it\/shop\/wp-content\/uploads\/2022\/09\/noleggio-operativo-computer-brescia-564x376.jpg 564w, https:\/\/ricondizionatipro.it\/shop\/wp-content\/uploads\/2022\/09\/noleggio-operativo-computer-brescia-470x313.jpg 470w\" data-sizes=\"(max-width: 741px) 100vw, 741px\" src=\"data:image\/svg+xml;base64,PHN2ZyB3aWR0aD0iMSIgaGVpZ2h0PSIxIiB4bWxucz0iaHR0cDovL3d3dy53My5vcmcvMjAwMC9zdmciPjwvc3ZnPg==\" style=\"--smush-placeholder-width: 741px; --smush-placeholder-aspect-ratio: 741\/494;\" \/><\/figure>\n<figcaption class=\"blocks-gallery-caption wp-element-caption\">avere un parco macchine aggiornato significa essere pi\u00f9 produttivi riducendo i tempi morti<\/figcaption><\/figure>\n\n\n\n<p><\/p>\n\n\n\n<p><\/p>\n\n\n\n<h5 class=\"wp-block-heading\"><strong>Tutti i vantaggi del noleggio operativo di beni strumentali<\/strong><\/h5>\n\n\n\n<p class=\"has-text-align-center\">Come prima cosa l&#8217;oggetto restando a capo della propriet\u00e0 di noleggio non verr\u00e0 conteggiata nei cespiti agevolandoci nelle spese fiscali. La rata \u00e8 totalmente detraibile ed \u00e8 quindi un&#8217;ulteriore vantaggio. Oltre ai vantaggi fiscali, il noleggio operativo \u00e8 conveniente perch\u00e9 risolve il problema dell\u2019obsolescenza dei beni consentendone la sostituzione sia prima (con una rivalutazione del canone) che dopo il termine del contratto. Inoltre, il noleggio permette di eliminare diversi costi occulti come i costi di smaltimento dei beni, di manutenzione, di riparazione fuori garanzia e di passaggio da una tecnologia a un\u2019altra pi\u00f9 recente. Nel caso dei servizi di stampa, i canoni mensili prevedono numerosi servizi di manutenzione e assicurazione contro ogni rischio, fino ad arrivare a formule di gestione completa che includono l\u2019ottimizzazione dei processi di stampa e la fornitura di materiali di consumo.<\/p>\n\n\n\n<figure class=\"wp-block-image size-full\"><img decoding=\"async\" width=\"700\" height=\"468\" data-src=\"https:\/\/ricondizionatipro.it\/shop\/wp-content\/uploads\/2022\/09\/assistenza-computer-brescia.jpg\" alt=\"\" class=\"wp-image-18664 lazyload\" data-srcset=\"https:\/\/ricondizionatipro.it\/shop\/wp-content\/uploads\/2022\/09\/assistenza-computer-brescia.jpg 700w, https:\/\/ricondizionatipro.it\/shop\/wp-content\/uploads\/2022\/09\/assistenza-computer-brescia-300x201.jpg 300w, https:\/\/ricondizionatipro.it\/shop\/wp-content\/uploads\/2022\/09\/assistenza-computer-brescia-600x401.jpg 600w, https:\/\/ricondizionatipro.it\/shop\/wp-content\/uploads\/2022\/09\/assistenza-computer-brescia-102x68.jpg 102w, https:\/\/ricondizionatipro.it\/shop\/wp-content\/uploads\/2022\/09\/assistenza-computer-brescia-142x95.jpg 142w, https:\/\/ricondizionatipro.it\/shop\/wp-content\/uploads\/2022\/09\/assistenza-computer-brescia-284x190.jpg 284w, https:\/\/ricondizionatipro.it\/shop\/wp-content\/uploads\/2022\/09\/assistenza-computer-brescia-282x189.jpg 282w, https:\/\/ricondizionatipro.it\/shop\/wp-content\/uploads\/2022\/09\/assistenza-computer-brescia-564x377.jpg 564w, https:\/\/ricondizionatipro.it\/shop\/wp-content\/uploads\/2022\/09\/assistenza-computer-brescia-470x314.jpg 470w\" data-sizes=\"(max-width: 700px) 100vw, 700px\" src=\"data:image\/svg+xml;base64,PHN2ZyB3aWR0aD0iMSIgaGVpZ2h0PSIxIiB4bWxucz0iaHR0cDovL3d3dy53My5vcmcvMjAwMC9zdmciPjwvc3ZnPg==\" style=\"--smush-placeholder-width: 700px; --smush-placeholder-aspect-ratio: 700\/468;\" \/><figcaption class=\"wp-element-caption\">col trascorrere degli anni e l&#8217;evoluzione dei software incappare in problemi di obsolescenza e attrezzatura lenta causa perdite di tempo e quindi di denaro<\/figcaption><\/figure>\n\n\n\n<p><\/p>\n\n\n\n<p>Se ti serve una consulenza qualificata in materia di leasing e noleggio operativo, rivolgiti a noi e scoprirai<br>tutti i vantaggi offerti da queste soluzioni.<\/p>\n\n\n\n<div class=\"wp-block-columns is-layout-flex wp-container-core-columns-is-layout-9d6595d7 wp-block-columns-is-layout-flex\">\n<div class=\"wp-block-column is-layout-flow wp-block-column-is-layout-flow\" style=\"flex-basis:50%\">\n<p><strong>Info e Preventivi<br>Tel: +39 030 2531562<br>info@ricondizionatipro<\/strong><\/p>\n<\/div>\n\n\n\n<div class=\"wp-block-column is-layout-flow wp-block-column-is-layout-flow\" style=\"flex-basis:50%\">\n<div class=\"wp-block-columns is-layout-flex wp-container-core-columns-is-layout-9d6595d7 wp-block-columns-is-layout-flex\">\n<div class=\"wp-block-column is-vertically-aligned-bottom is-layout-flow wp-block-column-is-layout-flow\" style=\"flex-basis:100%\"><div style=\"margin: 30px 0 30px;\"><a target=\"_blank\" href=\"https:\/\/api.whatsapp.com\/send?phone=\" class=\"wa__button wa__r_button wa__button_text_only wa__stt_online wa__btn_w_icon\" style=\"background-color: #2DB742; color: #fff\"><div class=\"wa__btn_icon\"><img decoding=\"async\" data-src=\"https:\/\/ricondizionatipro.it\/shop\/wp-content\/plugins\/wp-whatsapp\/assets\/img\/whatsapp_logo.svg\" alt=\"img\" src=\"data:image\/svg+xml;base64,PHN2ZyB3aWR0aD0iMSIgaGVpZ2h0PSIxIiB4bWxucz0iaHR0cDovL3d3dy53My5vcmcvMjAwMC9zdmciPjwvc3ZnPg==\" class=\"lazyload\" \/><\/div><div class=\"wa__btn_txt\"><div class=\"wa__btn_title\">WhatsApp Diretto<\/div><\/div><\/a><\/div><\/div>\n<\/div>\n<\/div>\n<\/div>\n\n\n\n<h2 class=\"wp-block-heading has-text-align-center\"><\/h2>\n<\/div>\n","protected":false},"excerpt":{"rendered":"<p>Noleggio a lungo termine o noleggio operativo Il noleggio operativo di beni strumentali \u00e8 una formula ampiamente utilizzata e di&hellip;<\/p>\n","protected":false},"author":2,"featured_media":0,"parent":0,"menu_order":0,"comment_status":"closed","ping_status":"closed","template":"","meta":{"inline_featured_image":false,"footnotes":""},"class_list":["post-9722","page","type-page","status-publish","hentry"],"yoast_head":"<!-- This site is optimized with the Yoast SEO plugin v27.2 - https:\/\/yoast.com\/product\/yoast-seo-wordpress\/ -->\n<title>Noleggio operativo - computer - workstation - stampanti - Brescia<\/title>\n<meta name=\"description\" content=\"Tutti i vantaggi del noleggio operativo, a chi \u00e8 rivolto, quanto conviene, cosa include. Possibilit\u00e0 di riscatto finale dei beni\" \/>\n<meta name=\"robots\" content=\"index, follow, max-snippet:-1, max-image-preview:large, max-video-preview:-1\" \/>\n<link rel=\"canonical\" href=\"https:\/\/ricondizionatipro.it\/shop\/noleggio-operativo-computer-brescia\/\" \/>\n<meta property=\"og:locale\" content=\"it_IT\" \/>\n<meta property=\"og:type\" content=\"article\" \/>\n<meta property=\"og:title\" content=\"Noleggio operativo computer, workstation, stampanti e materiale informatico\" \/>\n<meta property=\"og:description\" content=\"Scopri i vantaggi del noleggio operativo (lungo termine) per la tua azienda come: detrazione fiscale immediata, alleggerimento dei cespiti annuali ed essere sempre a passo coi tempi\" \/>\n<meta property=\"og:url\" content=\"https:\/\/ricondizionatipro.it\/shop\/noleggio-operativo-computer-brescia\/\" \/>\n<meta property=\"og:site_name\" content=\"ricondizionatipro.it\" \/>\n<meta property=\"article:publisher\" content=\"https:\/\/www.facebook.com\/ricondizionatipro.it\/\" \/>\n<meta property=\"article:modified_time\" content=\"2025-07-02T16:07:30+00:00\" \/>\n<meta property=\"og:image\" content=\"https:\/\/ricondizionatipro.it\/shop\/wp-content\/uploads\/2022\/09\/noleggio-operativo-leasing-workstation-computer.jpg\" \/>\n\t<meta property=\"og:image:width\" content=\"835\" \/>\n\t<meta property=\"og:image:height\" content=\"437\" \/>\n\t<meta property=\"og:image:type\" content=\"image\/jpeg\" \/>\n<meta name=\"twitter:card\" content=\"summary_large_image\" \/>\n<meta name=\"twitter:title\" content=\"Noleggio operativo computer, workstation, stampanti e materiale informatico\" \/>\n<meta name=\"twitter:description\" content=\"Scopri i vantaggi del noleggio operativo (lungo termine) per la tua azienda come: detrazione fiscale immediata, alleggerimento dei cespiti annuali ed essere sempre a passo coi tempi\" \/>\n<meta name=\"twitter:image\" content=\"https:\/\/ricondizionatipro.it\/shop\/wp-content\/uploads\/2022\/09\/noleggio-operativo-leasing-workstation-computer.jpg\" \/>\n<meta name=\"twitter:label1\" content=\"Tempo di lettura stimato\" \/>\n\t<meta name=\"twitter:data1\" content=\"4 minuti\" \/>\n<script type=\"application\/ld+json\" class=\"yoast-schema-graph\">{\"@context\":\"https:\/\/schema.org\",\"@graph\":[{\"@type\":\"WebPage\",\"@id\":\"https:\/\/ricondizionatipro.it\/shop\/noleggio-operativo-computer-brescia\/\",\"url\":\"https:\/\/ricondizionatipro.it\/shop\/noleggio-operativo-computer-brescia\/\",\"name\":\"Noleggio operativo - computer - workstation - stampanti - Brescia\",\"isPartOf\":{\"@id\":\"https:\/\/ricondizionatipro.it\/shop\/#website\"},\"primaryImageOfPage\":{\"@id\":\"https:\/\/ricondizionatipro.it\/shop\/noleggio-operativo-computer-brescia\/#primaryimage\"},\"image\":{\"@id\":\"https:\/\/ricondizionatipro.it\/shop\/noleggio-operativo-computer-brescia\/#primaryimage\"},\"thumbnailUrl\":\"https:\/\/ricondizionatipro.it\/shop\/wp-content\/uploads\/2022\/09\/noleggio-operativo-leasing-workstation-computer.jpg\",\"datePublished\":\"2022-05-02T13:55:17+00:00\",\"dateModified\":\"2025-07-02T16:07:30+00:00\",\"description\":\"Tutti i vantaggi del noleggio operativo, a chi \u00e8 rivolto, quanto conviene, cosa include. Possibilit\u00e0 di riscatto finale dei beni\",\"breadcrumb\":{\"@id\":\"https:\/\/ricondizionatipro.it\/shop\/noleggio-operativo-computer-brescia\/#breadcrumb\"},\"inLanguage\":\"it-IT\",\"potentialAction\":[{\"@type\":\"ReadAction\",\"target\":[\"https:\/\/ricondizionatipro.it\/shop\/noleggio-operativo-computer-brescia\/\"]}]},{\"@type\":\"ImageObject\",\"inLanguage\":\"it-IT\",\"@id\":\"https:\/\/ricondizionatipro.it\/shop\/noleggio-operativo-computer-brescia\/#primaryimage\",\"url\":\"https:\/\/ricondizionatipro.it\/shop\/wp-content\/uploads\/2022\/09\/noleggio-operativo-leasing-workstation-computer.jpg\",\"contentUrl\":\"https:\/\/ricondizionatipro.it\/shop\/wp-content\/uploads\/2022\/09\/noleggio-operativo-leasing-workstation-computer.jpg\"},{\"@type\":\"BreadcrumbList\",\"@id\":\"https:\/\/ricondizionatipro.it\/shop\/noleggio-operativo-computer-brescia\/#breadcrumb\",\"itemListElement\":[{\"@type\":\"ListItem\",\"position\":1,\"name\":\"Home\",\"item\":\"https:\/\/ricondizionatipro.it\/shop\/\"},{\"@type\":\"ListItem\",\"position\":2,\"name\":\"Noleggio operativo\"}]},{\"@type\":\"WebSite\",\"@id\":\"https:\/\/ricondizionatipro.it\/shop\/#website\",\"url\":\"https:\/\/ricondizionatipro.it\/shop\/\",\"name\":\"ricondizionatipro.it\",\"description\":\"computer professionali ricondizionati garantiti\",\"publisher\":{\"@id\":\"https:\/\/ricondizionatipro.it\/shop\/#organization\"},\"potentialAction\":[{\"@type\":\"SearchAction\",\"target\":{\"@type\":\"EntryPoint\",\"urlTemplate\":\"https:\/\/ricondizionatipro.it\/shop\/?s={search_term_string}\"},\"query-input\":{\"@type\":\"PropertyValueSpecification\",\"valueRequired\":true,\"valueName\":\"search_term_string\"}}],\"inLanguage\":\"it-IT\"},{\"@type\":\"Organization\",\"@id\":\"https:\/\/ricondizionatipro.it\/shop\/#organization\",\"name\":\"ricondizionatipro.it\",\"url\":\"https:\/\/ricondizionatipro.it\/shop\/\",\"logo\":{\"@type\":\"ImageObject\",\"inLanguage\":\"it-IT\",\"@id\":\"https:\/\/ricondizionatipro.it\/shop\/#\/schema\/logo\/image\/\",\"url\":\"https:\/\/i0.wp.com\/ricondizionatipro.it\/shop\/wp-content\/uploads\/2022\/04\/ricondizionati-pro-logo-trasparente.png?fit=2309%2C1910&ssl=1\",\"contentUrl\":\"https:\/\/i0.wp.com\/ricondizionatipro.it\/shop\/wp-content\/uploads\/2022\/04\/ricondizionati-pro-logo-trasparente.png?fit=2309%2C1910&ssl=1\",\"width\":2309,\"height\":1910,\"caption\":\"ricondizionatipro.it\"},\"image\":{\"@id\":\"https:\/\/ricondizionatipro.it\/shop\/#\/schema\/logo\/image\/\"},\"sameAs\":[\"https:\/\/www.facebook.com\/ricondizionatipro.it\/\",\"https:\/\/www.instagram.com\/ricondizionatipro.it\/\"]}]}<\/script>\n<!-- \/ Yoast SEO plugin. -->","yoast_head_json":{"title":"Noleggio operativo - computer - workstation - stampanti - Brescia","description":"Tutti i vantaggi del noleggio operativo, a chi \u00e8 rivolto, quanto conviene, cosa include. Possibilit\u00e0 di riscatto finale dei beni","robots":{"index":"index","follow":"follow","max-snippet":"max-snippet:-1","max-image-preview":"max-image-preview:large","max-video-preview":"max-video-preview:-1"},"canonical":"https:\/\/ricondizionatipro.it\/shop\/noleggio-operativo-computer-brescia\/","og_locale":"it_IT","og_type":"article","og_title":"Noleggio operativo computer, workstation, stampanti e materiale informatico","og_description":"Scopri i vantaggi del noleggio operativo (lungo termine) per la tua azienda come: detrazione fiscale immediata, alleggerimento dei cespiti annuali ed essere sempre a passo coi tempi","og_url":"https:\/\/ricondizionatipro.it\/shop\/noleggio-operativo-computer-brescia\/","og_site_name":"ricondizionatipro.it","article_publisher":"https:\/\/www.facebook.com\/ricondizionatipro.it\/","article_modified_time":"2025-07-02T16:07:30+00:00","og_image":[{"width":835,"height":437,"url":"https:\/\/ricondizionatipro.it\/shop\/wp-content\/uploads\/2022\/09\/noleggio-operativo-leasing-workstation-computer.jpg","type":"image\/jpeg"}],"twitter_card":"summary_large_image","twitter_title":"Noleggio operativo computer, workstation, stampanti e materiale informatico","twitter_description":"Scopri i vantaggi del noleggio operativo (lungo termine) per la tua azienda come: detrazione fiscale immediata, alleggerimento dei cespiti annuali ed essere sempre a passo coi tempi","twitter_image":"https:\/\/ricondizionatipro.it\/shop\/wp-content\/uploads\/2022\/09\/noleggio-operativo-leasing-workstation-computer.jpg","twitter_misc":{"Tempo di lettura stimato":"4 minuti"},"schema":{"@context":"https:\/\/schema.org","@graph":[{"@type":"WebPage","@id":"https:\/\/ricondizionatipro.it\/shop\/noleggio-operativo-computer-brescia\/","url":"https:\/\/ricondizionatipro.it\/shop\/noleggio-operativo-computer-brescia\/","name":"Noleggio operativo - computer - workstation - stampanti - Brescia","isPartOf":{"@id":"https:\/\/ricondizionatipro.it\/shop\/#website"},"primaryImageOfPage":{"@id":"https:\/\/ricondizionatipro.it\/shop\/noleggio-operativo-computer-brescia\/#primaryimage"},"image":{"@id":"https:\/\/ricondizionatipro.it\/shop\/noleggio-operativo-computer-brescia\/#primaryimage"},"thumbnailUrl":"https:\/\/ricondizionatipro.it\/shop\/wp-content\/uploads\/2022\/09\/noleggio-operativo-leasing-workstation-computer.jpg","datePublished":"2022-05-02T13:55:17+00:00","dateModified":"2025-07-02T16:07:30+00:00","description":"Tutti i vantaggi del noleggio operativo, a chi \u00e8 rivolto, quanto conviene, cosa include. Possibilit\u00e0 di riscatto finale dei beni","breadcrumb":{"@id":"https:\/\/ricondizionatipro.it\/shop\/noleggio-operativo-computer-brescia\/#breadcrumb"},"inLanguage":"it-IT","potentialAction":[{"@type":"ReadAction","target":["https:\/\/ricondizionatipro.it\/shop\/noleggio-operativo-computer-brescia\/"]}]},{"@type":"ImageObject","inLanguage":"it-IT","@id":"https:\/\/ricondizionatipro.it\/shop\/noleggio-operativo-computer-brescia\/#primaryimage","url":"https:\/\/ricondizionatipro.it\/shop\/wp-content\/uploads\/2022\/09\/noleggio-operativo-leasing-workstation-computer.jpg","contentUrl":"https:\/\/ricondizionatipro.it\/shop\/wp-content\/uploads\/2022\/09\/noleggio-operativo-leasing-workstation-computer.jpg"},{"@type":"BreadcrumbList","@id":"https:\/\/ricondizionatipro.it\/shop\/noleggio-operativo-computer-brescia\/#breadcrumb","itemListElement":[{"@type":"ListItem","position":1,"name":"Home","item":"https:\/\/ricondizionatipro.it\/shop\/"},{"@type":"ListItem","position":2,"name":"Noleggio operativo"}]},{"@type":"WebSite","@id":"https:\/\/ricondizionatipro.it\/shop\/#website","url":"https:\/\/ricondizionatipro.it\/shop\/","name":"ricondizionatipro.it","description":"computer professionali ricondizionati garantiti","publisher":{"@id":"https:\/\/ricondizionatipro.it\/shop\/#organization"},"potentialAction":[{"@type":"SearchAction","target":{"@type":"EntryPoint","urlTemplate":"https:\/\/ricondizionatipro.it\/shop\/?s={search_term_string}"},"query-input":{"@type":"PropertyValueSpecification","valueRequired":true,"valueName":"search_term_string"}}],"inLanguage":"it-IT"},{"@type":"Organization","@id":"https:\/\/ricondizionatipro.it\/shop\/#organization","name":"ricondizionatipro.it","url":"https:\/\/ricondizionatipro.it\/shop\/","logo":{"@type":"ImageObject","inLanguage":"it-IT","@id":"https:\/\/ricondizionatipro.it\/shop\/#\/schema\/logo\/image\/","url":"https:\/\/i0.wp.com\/ricondizionatipro.it\/shop\/wp-content\/uploads\/2022\/04\/ricondizionati-pro-logo-trasparente.png?fit=2309%2C1910&ssl=1","contentUrl":"https:\/\/i0.wp.com\/ricondizionatipro.it\/shop\/wp-content\/uploads\/2022\/04\/ricondizionati-pro-logo-trasparente.png?fit=2309%2C1910&ssl=1","width":2309,"height":1910,"caption":"ricondizionatipro.it"},"image":{"@id":"https:\/\/ricondizionatipro.it\/shop\/#\/schema\/logo\/image\/"},"sameAs":["https:\/\/www.facebook.com\/ricondizionatipro.it\/","https:\/\/www.instagram.com\/ricondizionatipro.it\/"]}]}},"acf":[],"_links":{"self":[{"href":"https:\/\/ricondizionatipro.it\/shop\/wp-json\/wp\/v2\/pages\/9722","targetHints":{"allow":["GET"]}}],"collection":[{"href":"https:\/\/ricondizionatipro.it\/shop\/wp-json\/wp\/v2\/pages"}],"about":[{"href":"https:\/\/ricondizionatipro.it\/shop\/wp-json\/wp\/v2\/types\/page"}],"author":[{"embeddable":true,"href":"https:\/\/ricondizionatipro.it\/shop\/wp-json\/wp\/v2\/users\/2"}],"replies":[{"embeddable":true,"href":"https:\/\/ricondizionatipro.it\/shop\/wp-json\/wp\/v2\/comments?post=9722"}],"version-history":[{"count":10,"href":"https:\/\/ricondizionatipro.it\/shop\/wp-json\/wp\/v2\/pages\/9722\/revisions"}],"predecessor-version":[{"id":81964,"href":"https:\/\/ricondizionatipro.it\/shop\/wp-json\/wp\/v2\/pages\/9722\/revisions\/81964"}],"wp:attachment":[{"href":"https:\/\/ricondizionatipro.it\/shop\/wp-json\/wp\/v2\/media?parent=9722"}],"curies":[{"name":"wp","href":"https:\/\/api.w.org\/{rel}","templated":true}]}}